{"id":3691,"date":"2018-11-13T22:46:36","date_gmt":"2018-11-13T20:46:36","guid":{"rendered":"https:\/\/www.lyachts.com\/malena\/"},"modified":"2022-06-25T17:34:20","modified_gmt":"2022-06-25T15:34:20","slug":"malena","status":"publish","type":"page","link":"https:\/\/www.lyachts.com\/de\/malena\/","title":{"rendered":"Malena"},"content":{"rendered":"\n<div class=\"section-heading headingstyle-compact section-align-left\" style=\"padding-top:152px;padding-bottom:0;margin-bottom:0px;\"><h1 class=\"animation-standby animated fadeInUpSlight entry-title section-title\" style=\"font-weight:400;\">Malena<\/h1><\/div>\n<div class=\"section-heading headingstyle-default section-align-left\" style=\"padding-top:50px;padding-bottom:0;margin-bottom:px;\"><h4 class=\"animation-standby animated fadeInUpSlight entry-title section-title\" >Unterkunft<\/h4><\/div>\n<div class=\"animation-standby animated fadeInUpSlight\">\n<p><p>Malena ist unsere Beneteau 523, eine Segelyacht, die f\u00fcr Crewed Charter in ganz Griechenland verf\u00fcgbar ist. Mit 4 Kabinen und 4 WC ist es ideal f\u00fcr Gruppen von bis zu 8 Personen geeignet. Alle Kabinen sind voll klimatisiert und verf\u00fcgen \u00fcber ein eigenes Bad.<br \/>\nMalena ist eine wundersch\u00f6ne Segelyacht und bietet zahlreiche Unterhaltungsm\u00f6glichkeiten. Der Kapit\u00e4n und die Crew sorgen daf\u00fcr, dass Sie alle Ihre W\u00fcnsche stilvoll erf\u00fcllen!<\/p>\n<\/p>\n<\/div>\n<div class=\"section-heading headingstyle-default section-align-left\" style=\"padding-top:20px;padding-bottom:0;margin-bottom:0px;\"><h4 class=\"animation-standby animated fadeInUpSlight entry-title section-title\" >Unterhaltung<\/h4><\/div>\n<div class=\"animation-standby animated fadeInUpSlight\">\n<p><p>TV \/ DVD, Audiosystem f\u00fcr innen und au\u00dfen, WIFI-Internetzugang an Bord.<br \/>\nWassersport: Schwimmmatten, Angelausr\u00fcstung, Schnorchelausr\u00fcstung.<\/p>\n<\/p>\n<\/div>\n<div class=\"section-heading headingstyle-default section-align-left\" style=\"padding-top:20px;padding-bottom:0;margin-bottom:0px;\"><h4 class=\"animation-standby animated fadeInUpSlight entry-title section-title\" >Andere<\/h4><\/div>\n<div class=\"animation-standby animated fadeInUpSlight\">\n<p><p>Crew bestehend aus 2: Skipper &#038; Koch \/ Hostess in getrennten Abteilungen. Auch Wasserspender, Generator, Steckdosen 220V, Deckdusche, Schwimmplattform, Generator, Wasserkocher, gull A \/ C.<\/p>\n<\/p>\n<\/div>\n<div class=\"clearfix divider-common default-divider  divider-blank\" style=\"padding-top:50px;\"><\/div>\n<div class=\"pricing-table pricing-table-service clearfix\"><div style=\"background-color:#000000;\" class=\"pricing-column-target animation-standby animated fadeInUpSlight column1 \"><div class=\"pricing-column-type-1 pricing-column\"><ul><li class=\"pricing-title\"><h2>Einzelheiten<\/h2><\/li><p><!--<li class=\"pricing-section\"><div class=\"pricing-wrap\"><div class=\"pricing-cell\"><span class=\"pricing-currency\">M<\/span>39<span class=\"pricing-suffix\">32<\/span><\/div><div class=\"pricing-duration\">{:el}{:en}Length{:de}{:}<\/div><\/div><\/li>--> <li class=\"pricing-service\"><p> <b>L\u00e4nge:<\/b> 53.13 ft.\/ 16.20 m.<\/p>\n<p><b>Baujahr \/ Renovierung:\u00a0<\/b>2007<\/p>\n<p><b>Hersteller:<\/b> Beneteau 523<\/p>\n<p><b>Kabinen:<\/b> 4<\/p>\n<p><b>Kabinenkonfiguration:<\/b> 4 Double<\/p>\n<p><b>G\u00e4ste:<\/b> 8<\/p>\n<p><b>Crew:<\/b> 2<\/p>\n<p><b>Geschwindigkeit:<\/b> \u2013<\/p>\n<p><b>Nebensaison Tagespreis:<\/b> 560 \u20ac<\/p>\n<p><b>Hochsaison Tagespreis:<\/b><\/p>\n<p><strong>Juli & Aug.<\/strong> 930 \u20ac<\/p>\n<p><strong>Juni & Sept.<\/strong> 700 \u20ac<\/p>\n<p><b>Nebensaison Wochenpreis:<\/b> 3.900 \u20ac<\/p>\n<p><b>Hochsaison Wochenpreis:<\/b><\/p>\n<p><strong>Juli & Aug.<\/strong> 6.500 \u20ac<\/p>\n<p><strong>Juni & Sept. <\/strong>4.900 \u20ac <\/p>\n<\/li> <li class=\"pricing-footer\"><div class=\"button-shortcode button-shortcode-69efa8bac1f3e\"><a href=\"https:\/\/www.lyachts.com\/de\/contact-us\/\" ><div  class=\"mtheme-button\">Angebotsanfrage Yacht<\/div><\/a><\/div><\/li><\/p>\n<\/ul><\/div><\/div><\/div>\n<div class=\"section-heading headingstyle-default section-align-left\" style=\"padding-top:100px;padding-bottom:;margin-bottom:30px;\"><h4 class=\"animation-standby animated fadeInUpSlight entry-title section-title\" >Am Bord Malena<\/h4><\/div>\n<div class=\"thumbnails-shortcode gridblock-columns-wrap grid-style-wall-spaced-wrap clearfix\"><div class=\"thumbnails-grid-container grid-style-wall-spaced thumbnail-gutter-spaced gridblock-masonary no-title-no-desc gridblock-four  has-effect-zoom\"  data-columns=\"4\"><div class=\"gridblock-element  grid-animate-display-all isotope-displayed gridblock-thumbnail-id-3159 gridblock-col-1\"><div class=\"gridblock-ajax gridblock-grid-element gridblock-element-inner\" data-rel=\"3691\"><div class=\"gridblock-background-hover\"><a data-exthumbimage=\"https:\/\/www.lyachts.com\/wp-content\/uploads\/2021\/02\/malena-main-1-160x160.jpg\" class=\"lightbox-active lightbox-image gridblock-sole-link\" data-sub-html=\"&lt;div class=&quot;lightbox-text-wrap &quot;&gt;&lt;h4 class=&quot;lightbox-text&quot;&gt;malena-main-1&lt;\/h4&gt;&lt;\/div&gt;\" href=\"https:\/\/www.lyachts.com\/wp-content\/uploads\/2021\/02\/malena-main-1.jpg\" data-src=\"https:\/\/www.lyachts.com\/wp-content\/uploads\/2021\/02\/malena-main-1.jpg\"><div class=\"gridblock-links-wrap\"><span class=\"column-gridblock-icon\"><span class=\"hover-icon-effect\"><i class=\"ion-ios-search\"><\/i><\/span><\/span><\/div><\/a><\/div><img decoding=\"async\" class=\"preload-image displayed-image\" src=\"https:\/\/www.lyachts.com\/wp-content\/uploads\/2021\/02\/malena-main-1-800x533.jpg\" alt=\"\"><\/div><\/div><div class=\"gridblock-element  grid-animate-display-all isotope-displayed gridblock-thumbnail-id-3187 gridblock-col-2\"><div class=\"gridblock-ajax gridblock-grid-element gridblock-element-inner\" data-rel=\"3691\"><div class=\"gridblock-background-hover\"><a data-exthumbimage=\"https:\/\/www.lyachts.com\/wp-content\/uploads\/2021\/02\/malena-main-2-160x160.jpg\" class=\"lightbox-active lightbox-image gridblock-sole-link\" data-sub-html=\"&lt;div class=&quot;lightbox-text-wrap &quot;&gt;&lt;h4 class=&quot;lightbox-text&quot;&gt;malena-main-2&lt;\/h4&gt;&lt;\/div&gt;\" href=\"https:\/\/www.lyachts.com\/wp-content\/uploads\/2021\/02\/malena-main-2.jpg\" data-src=\"https:\/\/www.lyachts.com\/wp-content\/uploads\/2021\/02\/malena-main-2.jpg\"><div class=\"gridblock-links-wrap\"><span class=\"column-gridblock-icon\"><span class=\"hover-icon-effect\"><i class=\"ion-ios-search\"><\/i><\/span><\/span><\/div><\/a><\/div><img decoding=\"async\" class=\"preload-image displayed-image\" src=\"https:\/\/www.lyachts.com\/wp-content\/uploads\/2021\/02\/malena-main-2-800x533.jpg\" alt=\"\"><\/div><\/div><div class=\"gridblock-element  grid-animate-display-all isotope-displayed gridblock-thumbnail-id-3191 gridblock-col-3\"><div class=\"gridblock-ajax gridblock-grid-element gridblock-element-inner\" data-rel=\"3691\"><div class=\"gridblock-background-hover\"><a data-exthumbimage=\"https:\/\/www.lyachts.com\/wp-content\/uploads\/2021\/02\/malena-main-3-160x160.jpg\" class=\"lightbox-active lightbox-image gridblock-sole-link\" data-sub-html=\"&lt;div class=&quot;lightbox-text-wrap &quot;&gt;&lt;h4 class=&quot;lightbox-text&quot;&gt;malena-main-3&lt;\/h4&gt;&lt;\/div&gt;\" href=\"https:\/\/www.lyachts.com\/wp-content\/uploads\/2021\/02\/malena-main-3.jpg\" data-src=\"https:\/\/www.lyachts.com\/wp-content\/uploads\/2021\/02\/malena-main-3.jpg\"><div class=\"gridblock-links-wrap\"><span class=\"column-gridblock-icon\"><span class=\"hover-icon-effect\"><i class=\"ion-ios-search\"><\/i><\/span><\/span><\/div><\/a><\/div><img decoding=\"async\" class=\"preload-image displayed-image\" src=\"https:\/\/www.lyachts.com\/wp-content\/uploads\/2021\/02\/malena-main-3-800x533.jpg\" alt=\"\"><\/div><\/div><div class=\"gridblock-element  grid-animate-display-all isotope-displayed gridblock-thumbnail-id-3163 gridblock-col-4\"><div class=\"gridblock-ajax gridblock-grid-element gridblock-element-inner\" data-rel=\"3691\"><div class=\"gridblock-background-hover\"><a data-exthumbimage=\"https:\/\/www.lyachts.com\/wp-content\/uploads\/2021\/02\/malena-1-160x160.jpg\" class=\"lightbox-active lightbox-image gridblock-sole-link\" data-sub-html=\"&lt;div class=&quot;lightbox-text-wrap &quot;&gt;&lt;h4 class=&quot;lightbox-text&quot;&gt;malena-1&lt;\/h4&gt;&lt;\/div&gt;\" href=\"https:\/\/www.lyachts.com\/wp-content\/uploads\/2021\/02\/malena-1.jpg\" data-src=\"https:\/\/www.lyachts.com\/wp-content\/uploads\/2021\/02\/malena-1.jpg\"><div class=\"gridblock-links-wrap\"><span class=\"column-gridblock-icon\"><span class=\"hover-icon-effect\"><i class=\"ion-ios-search\"><\/i><\/span><\/span><\/div><\/a><\/div><img decoding=\"async\" class=\"preload-image displayed-image\" src=\"https:\/\/www.lyachts.com\/wp-content\/uploads\/2021\/02\/malena-1-800x533.jpg\" alt=\"\"><\/div><\/div><div class=\"gridblock-element  grid-animate-display-all isotope-displayed gridblock-thumbnail-id-3167 gridblock-col-1\"><div class=\"gridblock-ajax gridblock-grid-element gridblock-element-inner\" data-rel=\"3691\"><div class=\"gridblock-background-hover\"><a data-exthumbimage=\"https:\/\/www.lyachts.com\/wp-content\/uploads\/2021\/02\/malena-2-160x160.jpg\" class=\"lightbox-active lightbox-image gridblock-sole-link\" data-sub-html=\"&lt;div class=&quot;lightbox-text-wrap &quot;&gt;&lt;h4 class=&quot;lightbox-text&quot;&gt;malena-2&lt;\/h4&gt;&lt;\/div&gt;\" href=\"https:\/\/www.lyachts.com\/wp-content\/uploads\/2021\/02\/malena-2.jpg\" data-src=\"https:\/\/www.lyachts.com\/wp-content\/uploads\/2021\/02\/malena-2.jpg\"><div class=\"gridblock-links-wrap\"><span class=\"column-gridblock-icon\"><span class=\"hover-icon-effect\"><i class=\"ion-ios-search\"><\/i><\/span><\/span><\/div><\/a><\/div><img decoding=\"async\" class=\"preload-image displayed-image\" src=\"https:\/\/www.lyachts.com\/wp-content\/uploads\/2021\/02\/malena-2-800x533.jpg\" alt=\"\"><\/div><\/div><div class=\"gridblock-element  grid-animate-display-all isotope-displayed gridblock-thumbnail-id-3171 gridblock-col-2\"><div class=\"gridblock-ajax gridblock-grid-element gridblock-element-inner\" data-rel=\"3691\"><div class=\"gridblock-background-hover\"><a data-exthumbimage=\"https:\/\/www.lyachts.com\/wp-content\/uploads\/2021\/02\/malena-3-160x160.jpg\" class=\"lightbox-active lightbox-image gridblock-sole-link\" data-sub-html=\"&lt;div class=&quot;lightbox-text-wrap &quot;&gt;&lt;h4 class=&quot;lightbox-text&quot;&gt;malena-3&lt;\/h4&gt;&lt;\/div&gt;\" href=\"https:\/\/www.lyachts.com\/wp-content\/uploads\/2021\/02\/malena-3.jpg\" data-src=\"https:\/\/www.lyachts.com\/wp-content\/uploads\/2021\/02\/malena-3.jpg\"><div class=\"gridblock-links-wrap\"><span class=\"column-gridblock-icon\"><span class=\"hover-icon-effect\"><i class=\"ion-ios-search\"><\/i><\/span><\/span><\/div><\/a><\/div><img decoding=\"async\" class=\"preload-image displayed-image\" src=\"https:\/\/www.lyachts.com\/wp-content\/uploads\/2021\/02\/malena-3-800x533.jpg\" alt=\"\"><\/div><\/div><div class=\"gridblock-element  grid-animate-display-all isotope-displayed gridblock-thumbnail-id-3175 gridblock-col-3\"><div class=\"gridblock-ajax gridblock-grid-element gridblock-element-inner\" data-rel=\"3691\"><div class=\"gridblock-background-hover\"><a data-exthumbimage=\"https:\/\/www.lyachts.com\/wp-content\/uploads\/2021\/02\/malena-4-160x160.jpg\" class=\"lightbox-active lightbox-image gridblock-sole-link\" data-sub-html=\"&lt;div class=&quot;lightbox-text-wrap &quot;&gt;&lt;h4 class=&quot;lightbox-text&quot;&gt;malena-4&lt;\/h4&gt;&lt;\/div&gt;\" href=\"https:\/\/www.lyachts.com\/wp-content\/uploads\/2021\/02\/malena-4.jpg\" data-src=\"https:\/\/www.lyachts.com\/wp-content\/uploads\/2021\/02\/malena-4.jpg\"><div class=\"gridblock-links-wrap\"><span class=\"column-gridblock-icon\"><span class=\"hover-icon-effect\"><i class=\"ion-ios-search\"><\/i><\/span><\/span><\/div><\/a><\/div><img decoding=\"async\" class=\"preload-image displayed-image\" src=\"https:\/\/www.lyachts.com\/wp-content\/uploads\/2021\/02\/malena-4-800x533.jpg\" alt=\"\"><\/div><\/div><div class=\"gridblock-element  grid-animate-display-all isotope-displayed gridblock-thumbnail-id-3179 gridblock-col-4\"><div class=\"gridblock-ajax gridblock-grid-element gridblock-element-inner\" data-rel=\"3691\"><div class=\"gridblock-background-hover\"><a data-exthumbimage=\"https:\/\/www.lyachts.com\/wp-content\/uploads\/2021\/02\/malena-5-160x160.jpg\" class=\"lightbox-active lightbox-image gridblock-sole-link\" data-sub-html=\"&lt;div class=&quot;lightbox-text-wrap &quot;&gt;&lt;h4 class=&quot;lightbox-text&quot;&gt;malena-5&lt;\/h4&gt;&lt;\/div&gt;\" href=\"https:\/\/www.lyachts.com\/wp-content\/uploads\/2021\/02\/malena-5.jpg\" data-src=\"https:\/\/www.lyachts.com\/wp-content\/uploads\/2021\/02\/malena-5.jpg\"><div class=\"gridblock-links-wrap\"><span class=\"column-gridblock-icon\"><span class=\"hover-icon-effect\"><i class=\"ion-ios-search\"><\/i><\/span><\/span><\/div><\/a><\/div><img decoding=\"async\" class=\"preload-image displayed-image\" src=\"https:\/\/www.lyachts.com\/wp-content\/uploads\/2021\/02\/malena-5-800x533.jpg\" alt=\"\"><\/div><\/div><div class=\"gridblock-element  grid-animate-display-all isotope-displayed gridblock-thumbnail-id-3183 gridblock-col-1\"><div class=\"gridblock-ajax gridblock-grid-element gridblock-element-inner\" data-rel=\"3691\"><div class=\"gridblock-background-hover\"><a data-exthumbimage=\"https:\/\/www.lyachts.com\/wp-content\/uploads\/2021\/02\/malena-6-160x160.jpg\" class=\"lightbox-active lightbox-image gridblock-sole-link\" data-sub-html=\"&lt;div class=&quot;lightbox-text-wrap &quot;&gt;&lt;h4 class=&quot;lightbox-text&quot;&gt;malena-6&lt;\/h4&gt;&lt;\/div&gt;\" href=\"https:\/\/www.lyachts.com\/wp-content\/uploads\/2021\/02\/malena-6.jpg\" data-src=\"https:\/\/www.lyachts.com\/wp-content\/uploads\/2021\/02\/malena-6.jpg\"><div class=\"gridblock-links-wrap\"><span class=\"column-gridblock-icon\"><span class=\"hover-icon-effect\"><i class=\"ion-ios-search\"><\/i><\/span><\/span><\/div><\/a><\/div><img decoding=\"async\" class=\"preload-image displayed-image\" src=\"https:\/\/www.lyachts.com\/wp-content\/uploads\/2021\/02\/malena-6-800x533.jpg\" alt=\"\"><\/div><\/div><\/div><\/div>\n","protected":false},"excerpt":{"rendered":"<p>Malena ist unsere Beneteau 523, eine Segelyacht, die f\u00fcr Crewed Charter in ganz Griechenland verf\u00fcgbar ist. Mit 4 Kabinen und 4 WC ist es ideal f\u00fcr Gruppen von bis zu 8 Personen geeignet. Alle Kabinen sind voll klimatisiert und verf\u00fcgen \u00fcber ein eigenes Bad. Malena ist eine wundersch\u00f6ne Segelyacht und bietet zahlreiche Unterhaltungsm\u00f6glichkeiten. Der Kapit\u00e4n und die Crew sorgen daf\u00fcr, dass Sie alle Ihre W\u00fcnsche stilvoll erf\u00fcllen! TV \/ DVD, Audiosystem f\u00fcr innen und au\u00dfen, WIFI-Internetzugang an Bord. Wassersport: Schwimmmatten, [&hellip;]<\/p>\n","protected":false},"author":1,"featured_media":3161,"parent":0,"menu_order":0,"comment_status":"closed","ping_status":"closed","template":"","meta":{"footnotes":""},"categories":[],"tags":[],"class_list":["post-3691","page","type-page","status-publish","has-post-thumbnail","hentry"],"yoast_head":"<!-- This site is optimized with the Yoast SEO plugin v26.2 - https:\/\/yoast.com\/wordpress\/plugins\/seo\/ -->\n<title>Malena - LYachts<\/title>\n<meta name=\"description\" content=\"Malena ist unsere Beneteau 523, eine Segelyacht, die f\u00fcr Crewed Charter in ganz Griechenland verf\u00fcgbar ist. Mit 4 Kabinen und 4 WC ist es ideal f\u00fcr\" \/>\n<meta name=\"robots\" content=\"index, follow, max-snippet:-1, max-image-preview:large, max-video-preview:-1\" \/>\n<link rel=\"canonical\" href=\"https:\/\/www.lyachts.com\/de\/malena\/\" \/>\n<meta property=\"og:locale\" content=\"de_DE\" \/>\n<meta property=\"og:type\" content=\"article\" \/>\n<meta property=\"og:title\" content=\"Malena - LYachts\" \/>\n<meta property=\"og:description\" content=\"Malena ist unsere Beneteau 523, eine Segelyacht, die f\u00fcr Crewed Charter in ganz Griechenland verf\u00fcgbar ist. Mit 4 Kabinen und 4 WC ist es ideal f\u00fcr\" \/>\n<meta property=\"og:url\" content=\"https:\/\/www.lyachts.com\/de\/malena\/\" \/>\n<meta property=\"og:site_name\" content=\"LYachts\" \/>\n<meta property=\"article:publisher\" content=\"https:\/\/www.facebook.com\/Lyachts\/\" \/>\n<meta property=\"article:modified_time\" content=\"2022-06-25T15:34:20+00:00\" \/>\n<meta property=\"og:image\" content=\"https:\/\/www.lyachts.com\/wp-content\/uploads\/2021\/02\/malena-main-1.jpg\" \/>\n\t<meta property=\"og:image:width\" content=\"1400\" \/>\n\t<meta property=\"og:image:height\" content=\"933\" \/>\n\t<meta property=\"og:image:type\" content=\"image\/jpeg\" \/>\n<meta name=\"twitter:card\" content=\"summary_large_image\" \/>\n<meta name=\"twitter:site\" content=\"@Lyachts2\" \/>\n<meta name=\"twitter:label1\" content=\"Gesch\u00e4tzte Lesezeit\" \/>\n\t<meta name=\"twitter:data1\" content=\"2\u00a0Minuten\" \/>\n<script type=\"application\/ld+json\" class=\"yoast-schema-graph\">{\"@context\":\"https:\/\/schema.org\",\"@graph\":[{\"@type\":\"WebPage\",\"@id\":\"https:\/\/www.lyachts.com\/de\/malena\/\",\"url\":\"https:\/\/www.lyachts.com\/de\/malena\/\",\"name\":\"Malena - LYachts\",\"isPartOf\":{\"@id\":\"https:\/\/www.lyachts.com\/en\/#website\"},\"primaryImageOfPage\":{\"@id\":\"https:\/\/www.lyachts.com\/de\/malena\/#primaryimage\"},\"image\":{\"@id\":\"https:\/\/www.lyachts.com\/de\/malena\/#primaryimage\"},\"thumbnailUrl\":\"https:\/\/www.lyachts.com\/wp-content\/uploads\/2021\/02\/malena-main-1.jpg\",\"datePublished\":\"2018-11-13T20:46:36+00:00\",\"dateModified\":\"2022-06-25T15:34:20+00:00\",\"description\":\"Malena ist unsere Beneteau 523, eine Segelyacht, die f\u00fcr Crewed Charter in ganz Griechenland verf\u00fcgbar ist. Mit 4 Kabinen und 4 WC ist es ideal f\u00fcr\",\"inLanguage\":\"de\",\"potentialAction\":[{\"@type\":\"ReadAction\",\"target\":[\"https:\/\/www.lyachts.com\/de\/malena\/\"]}]},{\"@type\":\"ImageObject\",\"inLanguage\":\"de\",\"@id\":\"https:\/\/www.lyachts.com\/de\/malena\/#primaryimage\",\"url\":\"https:\/\/www.lyachts.com\/wp-content\/uploads\/2021\/02\/malena-main-1.jpg\",\"contentUrl\":\"https:\/\/www.lyachts.com\/wp-content\/uploads\/2021\/02\/malena-main-1.jpg\",\"width\":1400,\"height\":933},{\"@type\":\"WebSite\",\"@id\":\"https:\/\/www.lyachts.com\/en\/#website\",\"url\":\"https:\/\/www.lyachts.com\/en\/\",\"name\":\"LYachts\",\"description\":\"One goal, one passion - Lyachts services.\",\"potentialAction\":[{\"@type\":\"SearchAction\",\"target\":{\"@type\":\"EntryPoint\",\"urlTemplate\":\"https:\/\/www.lyachts.com\/en\/?s={search_term_string}\"},\"query-input\":{\"@type\":\"PropertyValueSpecification\",\"valueRequired\":true,\"valueName\":\"search_term_string\"}}],\"inLanguage\":\"de\"}]}<\/script>\n<!-- \/ Yoast SEO plugin. -->","yoast_head_json":{"title":"Malena - LYachts","description":"Malena ist unsere Beneteau 523, eine Segelyacht, die f\u00fcr Crewed Charter in ganz Griechenland verf\u00fcgbar ist. Mit 4 Kabinen und 4 WC ist es ideal f\u00fcr","robots":{"index":"index","follow":"follow","max-snippet":"max-snippet:-1","max-image-preview":"max-image-preview:large","max-video-preview":"max-video-preview:-1"},"canonical":"https:\/\/www.lyachts.com\/de\/malena\/","og_locale":"de_DE","og_type":"article","og_title":"Malena - LYachts","og_description":"Malena ist unsere Beneteau 523, eine Segelyacht, die f\u00fcr Crewed Charter in ganz Griechenland verf\u00fcgbar ist. Mit 4 Kabinen und 4 WC ist es ideal f\u00fcr","og_url":"https:\/\/www.lyachts.com\/de\/malena\/","og_site_name":"LYachts","article_publisher":"https:\/\/www.facebook.com\/Lyachts\/","article_modified_time":"2022-06-25T15:34:20+00:00","og_image":[{"width":1400,"height":933,"url":"https:\/\/www.lyachts.com\/wp-content\/uploads\/2021\/02\/malena-main-1.jpg","type":"image\/jpeg"}],"twitter_card":"summary_large_image","twitter_site":"@Lyachts2","twitter_misc":{"Gesch\u00e4tzte Lesezeit":"2\u00a0Minuten"},"schema":{"@context":"https:\/\/schema.org","@graph":[{"@type":"WebPage","@id":"https:\/\/www.lyachts.com\/de\/malena\/","url":"https:\/\/www.lyachts.com\/de\/malena\/","name":"Malena - LYachts","isPartOf":{"@id":"https:\/\/www.lyachts.com\/en\/#website"},"primaryImageOfPage":{"@id":"https:\/\/www.lyachts.com\/de\/malena\/#primaryimage"},"image":{"@id":"https:\/\/www.lyachts.com\/de\/malena\/#primaryimage"},"thumbnailUrl":"https:\/\/www.lyachts.com\/wp-content\/uploads\/2021\/02\/malena-main-1.jpg","datePublished":"2018-11-13T20:46:36+00:00","dateModified":"2022-06-25T15:34:20+00:00","description":"Malena ist unsere Beneteau 523, eine Segelyacht, die f\u00fcr Crewed Charter in ganz Griechenland verf\u00fcgbar ist. Mit 4 Kabinen und 4 WC ist es ideal f\u00fcr","inLanguage":"de","potentialAction":[{"@type":"ReadAction","target":["https:\/\/www.lyachts.com\/de\/malena\/"]}]},{"@type":"ImageObject","inLanguage":"de","@id":"https:\/\/www.lyachts.com\/de\/malena\/#primaryimage","url":"https:\/\/www.lyachts.com\/wp-content\/uploads\/2021\/02\/malena-main-1.jpg","contentUrl":"https:\/\/www.lyachts.com\/wp-content\/uploads\/2021\/02\/malena-main-1.jpg","width":1400,"height":933},{"@type":"WebSite","@id":"https:\/\/www.lyachts.com\/en\/#website","url":"https:\/\/www.lyachts.com\/en\/","name":"LYachts","description":"One goal, one passion - Lyachts services.","potentialAction":[{"@type":"SearchAction","target":{"@type":"EntryPoint","urlTemplate":"https:\/\/www.lyachts.com\/en\/?s={search_term_string}"},"query-input":{"@type":"PropertyValueSpecification","valueRequired":true,"valueName":"search_term_string"}}],"inLanguage":"de"}]}},"_links":{"self":[{"href":"https:\/\/www.lyachts.com\/de\/wp-json\/wp\/v2\/pages\/3691","targetHints":{"allow":["GET"]}}],"collection":[{"href":"https:\/\/www.lyachts.com\/de\/wp-json\/wp\/v2\/pages"}],"about":[{"href":"https:\/\/www.lyachts.com\/de\/wp-json\/wp\/v2\/types\/page"}],"author":[{"embeddable":true,"href":"https:\/\/www.lyachts.com\/de\/wp-json\/wp\/v2\/users\/1"}],"replies":[{"embeddable":true,"href":"https:\/\/www.lyachts.com\/de\/wp-json\/wp\/v2\/comments?post=3691"}],"version-history":[{"count":15,"href":"https:\/\/www.lyachts.com\/de\/wp-json\/wp\/v2\/pages\/3691\/revisions"}],"predecessor-version":[{"id":7703,"href":"https:\/\/www.lyachts.com\/de\/wp-json\/wp\/v2\/pages\/3691\/revisions\/7703"}],"wp:featuredmedia":[{"embeddable":true,"href":"https:\/\/www.lyachts.com\/de\/wp-json\/wp\/v2\/media\/3161"}],"wp:attachment":[{"href":"https:\/\/www.lyachts.com\/de\/wp-json\/wp\/v2\/media?parent=3691"}],"wp:term":[{"taxonomy":"category","embeddable":true,"href":"https:\/\/www.lyachts.com\/de\/wp-json\/wp\/v2\/categories?post=3691"},{"taxonomy":"post_tag","embeddable":true,"href":"https:\/\/www.lyachts.com\/de\/wp-json\/wp\/v2\/tags?post=3691"}],"curies":[{"name":"wp","href":"https:\/\/api.w.org\/{rel}","templated":true}]}}